{"version":"1.0","provider_name":"Tableau D&#039;H\u00f4te Theatre","provider_url":"https:\/\/tableaudhote.ca\/fr\/","author_name":"Mathieu Murphy-Perron","author_url":"https:\/\/tableaudhote.ca\/fr\/author\/mathieu\/","title":"The Quiet Radicals de The Three Seamstresses - Tableau D&#039;H\u00f4te Theatre","type":"rich","width":600,"height":338,"html":"<blockquote class=\"wp-embedded-content\" data-secret=\"fQP0vzcwgm\"><a href=\"https:\/\/tableaudhote.ca\/fr\/the-quiet-radicals-de-the-three-seamstresses\/\">The Quiet Radicals de The Three Seamstresses<\/a><\/blockquote><iframe sandbox=\"allow-scripts\" security=\"restricted\" src=\"https:\/\/tableaudhote.ca\/fr\/the-quiet-radicals-de-the-three-seamstresses\/embed\/#?secret=fQP0vzcwgm\" width=\"600\" height=\"338\" title=\"\u00ab\u00a0The Quiet Radicals de The Three Seamstresses\u00a0\u00bb &#8212; Tableau D&#039;H\u00f4te Theatre\" data-secret=\"fQP0vzcwgm\" frameborder=\"0\" marginwidth=\"0\" marginheight=\"0\" scrolling=\"no\" class=\"wp-embedded-content\"><\/iframe><script type=\"text\/javascript\">\n\/* <![CDATA[ *\/\n\/*! This file is auto-generated *\/\n!function(d,l){\"use strict\";l.querySelector&&d.addEventListener&&\"undefined\"!=typeof URL&&(d.wp=d.wp||{},d.wp.receiveEmbedMessage||(d.wp.receiveEmbedMessage=function(e){var t=e.data;if((t||t.secret||t.message||t.value)&&!\/[^a-zA-Z0-9]\/.test(t.secret)){for(var s,r,n,a=l.querySelectorAll('iframe[data-secret=\"'+t.secret+'\"]'),o=l.querySelectorAll('blockquote[data-secret=\"'+t.secret+'\"]'),c=new RegExp(\"^https?:$\",\"i\"),i=0;i<o.length;i++)o[i].style.display=\"none\";for(i=0;i<a.length;i++)s=a[i],e.source===s.contentWindow&&(s.removeAttribute(\"style\"),\"height\"===t.message?(1e3<(r=parseInt(t.value,10))?r=1e3:~~r<200&&(r=200),s.height=r):\"link\"===t.message&&(r=new URL(s.getAttribute(\"src\")),n=new URL(t.value),c.test(n.protocol))&&n.host===r.host&&l.activeElement===s&&(d.top.location.href=t.value))}},d.addEventListener(\"message\",d.wp.receiveEmbedMessage,!1),l.addEventListener(\"DOMContentLoaded\",function(){for(var e,t,s=l.querySelectorAll(\"iframe.wp-embedded-content\"),r=0;r<s.length;r++)(t=(e=s[r]).getAttribute(\"data-secret\"))||(t=Math.random().toString(36).substring(2,12),e.src+=\"#?secret=\"+t,e.setAttribute(\"data-secret\",t)),e.contentWindow.postMessage({message:\"ready\",secret:t},\"*\")},!1)))}(window,document);\n\/* ]]> *\/\n<\/script>\n","description":"\u00abSi ces femmes ne sont pas \u00e9minentes dans l\u2019imagination populaire, cela ne veut pas dire qu\u2019elles n\u2019ont pas d\u2019influence consid\u00e9rable sur la culture et la soci\u00e9t\u00e9. Nous voulons partager leurs histoires.\u00bb"}